{"id":2431,"date":"2020-06-18T13:44:28","date_gmt":"2020-06-18T11:44:28","guid":{"rendered":"https:\/\/www.curvecreativestudio.com\/curve\/privacy-policy\/"},"modified":"2020-06-18T13:44:28","modified_gmt":"2020-06-18T11:44:28","slug":"privacy-policy","status":"publish","type":"page","link":"https:\/\/www.curvecreativestudio.com\/en\/privacy-policy\/","title":{"rendered":"Privacy policy"},"content":{"rendered":"\n<p>In questo documento sono descritte le modalit\u00e0 di gestione del sito web curvecreativestudio.com (\u201cSito\u201d), con riferimento al trattamento di dati personali degli Utenti (\u201cUtente\/Utenti\u201d) che lo consultano.<\/p>\n\n\n\n<p>\u00c8 un&#8217;informativa resa\nai sensi dell\u2019articolo 13 del Regolamento (UE) 2016\/679 (\u201cGDPR\u201d) e della\nnormativa nazionale in tema di privacy e protezione dei dati personali\napplicabile a tutti coloro che visitano il Sito.<\/p>\n\n\n\n<p>L&#8217;informativa \u00e8 resa solo per il Sito e non anche per altri siti web eventualmente consultati dall&#8217;Utente tramite link presenti sul Sito.<\/p>\n\n\n\n<p>Si informa l\u2019Utente che il presente sito web \u00e8 di propriet\u00e0 della societ\u00e0 Curve Studio SRL.<\/p>\n\n\n\n<h2 class=\"wp-block-heading\">1. Titolare del trattamento<\/h2>\n\n\n\n<p>Titolare del trattamento \u00e8<mark style=\"background-color:rgba(0, 0, 0, 0)\" class=\"has-inline-color has-cyan-bluish-gray-color\"> <\/mark>Curve Studio SRL, con sede legale in Via dei Mille, 22 - 10123 Torino, in persona del legale rappresentante pro tempore, \u00a0(\u201cTitolare\u201d). Email: info@curvecreativestudio.com.<\/p>\n\n\n\n<h2 class=\"wp-block-heading\">2. Tipologia dei dati raccolti<\/h2>\n\n\n\n<h3 class=\"wp-block-heading\">2.1 Dati di navigazione<\/h3>\n\n\n\n<p>I sistemi informatici e le procedure software preposte al funzionamento del Sito acquisiscono, nel corso del loro normale esercizio, alcuni dati personali la cui trasmissione \u00e8 implicita nell\u2019uso di protocolli di comunicazione di internet. <\/p>\n\n\n\n<p>Si tratta di informazioni che non sono raccolte per essere associate a soggetti identificati, ma che per la loro stessa natura potrebbero permettere di identificare gli Utenti. <\/p>\n\n\n\n<p>Vi rientrano ad esempio: (i) gli indirizzi IP o i nomi di dominio dei computer utilizzati dagli Utenti che si connettono al Sito, (ii) gli indirizzi di notazione URI (Uniform Resource Identifier) delle risorse richieste, (iii) l\u2019orario della richiesta, (iv) il metodo utilizzato per sottoporre la richiesta al server, (v) la dimensione del file ottenuto in risposta, (vi) il codice numerico indicante lo stato della risposta data dal server (buon fine, errore) ed (vii) altri parametri relativi al sistema operativo e all\u2019ambiente informatico dell\u2019Utente. <\/p>\n\n\n\n<h3 class=\"wp-block-heading\">2.2 Dati forniti volontariamente dall\u2019Utente <\/h3>\n\n\n\n<p><span style=\"text-decoration: underline;\">Form di contatto<\/span>:<\/p>\n\n\n\n<p>Il Titolare tratta i dati personali e identificativi (nome, cognome, indirizzo, email) in seguito \u201cdati personali\u201d. Gli Utenti sono liberi di fornire i propri dati personali per formulare richieste di informazioni. Per quanto concerne i dati non esiste alcun processo decisionale automatizzato, n\u00e9 un trattamento che comporti la profilazione dell\u2019Utente. Se l\u2019Utente fornisce dati personali di Utenti terzi, deve essere sicuro che questi soggetti siano stati adeguatamente informati e abbiano prestato il loro consenso.<\/p>\n\n\n\n<h3 class=\"wp-block-heading\">2.3 Cookie<\/h3>\n\n\n\n<p>Sul Sito sono installati Cookie tecnici per il corretto funzionamento del Sito e Cookie di Google Analytics anonimizzati per [*]. Si prega di prendere visione della relativa <a href=\"https:\/\/www.curvecreativestudio.com\/curve\/en\/cookie-policy\/\">Cookie policy<\/a>.<\/p>\n\n\n\n<h2 class=\"wp-block-heading\">3. Finalit\u00e0 e base giuridica del trattamento<strong> <\/strong><\/h2>\n\n\n\n<h3 class=\"wp-block-heading\">3.1 Dati di navigazione<\/h3>\n\n\n\n<p>I dati di navigazione possono essere utilizzati per generare statistiche anonime sull\u2019utilizzo del Sito web, per finalit\u00e0 di sicurezza del Sito e per controllarne il corretto funzionamento e potrebbero essere utilizzati per l\u2019accertamento di responsabilit\u00e0 in caso di eventuali reati informatici. La base giuridica del trattamento di tali dati \u00e8 l\u2019interesse legittimo del Titolare e nel caso di richieste da parte dell\u2019Autorit\u00e0 giudiziaria, l\u2019obbligo di legge. <\/p>\n\n\n\n<h3 class=\"wp-block-heading\">3.2 Dati forniti volontariamente dall\u2019Utente<\/h3>\n\n\n\n<p><span style=\"text-decoration: underline;\">Form di contatto<\/span>: <\/p>\n\n\n\n<p>I dati personali inseriti nel form di contatto sono trattati esclusivamente per rispondere alla richiesta di informazioni, ovvero per la fornitura del servizio e per adempiere agli obblighi pre-contrattuali, contrattuali o fiscali.<\/p>\n\n\n\n<p>I dati personali dell\u2019Utente sono trattati anche per adempiere agli obblighi previsti dalla legge, da un regolamento, dalla normativa comunitaria o da un ordine dell\u2019Autorit\u00e0 e per perseguire un legittimo interesse del Titolare o per esercitare i diritti del Titolare, ad esempio il diritto di difesa.<\/p>\n\n\n\n<h2 class=\"wp-block-heading\">4. Categorie dei destinatari dei dati<\/h2>\n\n\n\n<p>I dati personali potranno essere comunicati a soggetti terzi appartenenti alle seguenti categorie:<\/p>\n\n\n\n<ul class=\"wp-block-list\">\n<li>liberi professionisti, studi o societ\u00e0 nell\u2019ambito di rapporti di assistenza e consulenza;<\/li>\n\n\n\n<li>soggetti che forniscono servizi per la gestione del sistema informativo e delle reti di telecomunicazioni;<\/li>\n\n\n\n<li>gestori di piattaforme web (software gestionali es. MailUp per l\u2019invio di newsletter);<\/li>\n\n\n\n<li>autorit\u00e0 competenti per adempimenti di obblighi di leggi e\/o di disposizioni di organi pubblici, su richiesta.<\/li>\n<\/ul>\n\n\n\n<p>I soggetti appartenenti alle categorie suddette svolgono la funzione di Responsabile del trattamento dei dati ai sensi dell\u2019art. 28 GDPR. I dati personali saranno trattati solo da persone autorizzate dal Titolare, ai sensi dell\u2019art. 29 GDPR, in ragione della loro mansione o ruolo aziendale.<\/p>\n\n\n\n<h2 class=\"wp-block-heading\">5. Periodo di conservazione<\/h2>\n\n\n\n<p><span style=\"text-decoration: underline;\">Form di contatto<\/span>: <\/p>\n\n\n\n<p>I dati conferiti direttamente dall\u2019Utente sono conservati per il tempo strettamente necessario a dar corso alle richieste e per il raggiungimento delle finalit\u00e0 del trattamento, dopodich\u00e9 verranno conservati unicamente in esecuzione degli obblighi di legge vigenti in materia, per finalit\u00e0 di tipo amministrativo e\/o per far valere o difendere un proprio diritto.<\/p>\n\n\n\n<h2 class=\"wp-block-heading\">6. Misure di sicurezza <\/h2>\n\n\n\n<p>I dati personali sono raccolti per via elettronica, registrati in formato digitale, mediante l\u2019impiego di misure di sicurezza organizzative e tecniche atte a garantire la tutela della riservatezza e ad evitare i rischi di perdita o distruzione, di accessi non autorizzati, di trattamenti non consentiti o non conformi alle finalit\u00e0 di cui sopra.<\/p>\n\n\n\n<h2 class=\"wp-block-heading\">7. Trasferimento dati Extra EU<\/h2>\n\n\n\n<p>I dati personali forniti non saranno trasferiti all\u2019estero in Paesi Extra UE o presso un\u2019organizzazione internazionale. La gestione e la conservazione dei dati avviene su server ubicati in Unione Europea. Resta in ogni caso inteso che il Titolare, ove si rendesse necessario, avr\u00e0 la facolt\u00e0 di spostare in Paesi extra \u2013 UE. <\/p>\n\n\n\n<p>In quel caso, il trasferimento dei dati extra-UE avverr\u00e0 in conformit\u00e0 alle disposizioni di legge applicabili stipulando, se necessario, accordi che garantiscano un livello di protezione adeguato e\/o adottando le clausole contrattuali standard previste dalla Commissione europea.<\/p>\n\n\n\n<h2 class=\"wp-block-heading\">8. Minori <\/h2>\n\n\n\n<p>Questo Sito non \u00e8 diretto all\u2019utilizzo da parte di minori e non sono raccolti o trattati consapevolmente dati di minori. In conformit\u00e0 con le leggi applicabili, l\u2019esercente la responsabilit\u00e0 genitoriale deve fornire il consenso alla raccolta dei dati personali del minore.  Nel caso in cui i dati dei minori fossero involontariamente trattati, il Titolare li canceller\u00e0 in modo tempestivo, su richiesta scritta dell\u2019esercente la responsabilit\u00e0 genitoriale.<\/p>\n\n\n\n<h2 class=\"wp-block-heading\">9. Diritti dell&#8217;interessato <\/h2>\n\n\n\n<p>L\u2019Utente potr\u00e0 far valere i propri diritti come espressi dagli artt. 15, 16, 17, 18, 19, 20, 21, 22 del Regolamento UE 2016\/679, rivolgendosi al Titolare del trattamento, scrivendo una mail all\u2019indirizzo info@curvecreativestudio.com o inviando una raccomandata a\/r a info@curvecreativestudio.com, Via dei Mille, 22 - 10123 Torino.<\/p>\n\n\n\n<p>L\u2019Utente ha il diritto, in qualunque momento, di chiedere al Titolare del trattamento l\u2019accesso ai suoi dati personali, la rettifica, la cancellazione degli stessi, la limitazione del trattamento. Inoltre, nei casi previsti, ha il diritto di opporsi, in qualsiasi momento, al trattamento dei dati (compresi i trattamenti automatizzati, es. la profilazione), nonch\u00e9 di revocare il consenso prestato senza pregiudicare la liceit\u00e0 del trattamento basata sul consenso prestato in precedenza. L\u2019Utente ha il diritto di proporre reclamo al Garante per la protezione dei dati personali (www.garanteprivacy.it) e\/o ad altra Autorit\u00e0 di Controllo competente in forza del Regolamento. L\u2019Utente ha il diritto alla portabilit\u00e0 dei suoi dati e in tal caso il Titolare del trattamento fornir\u00e0 in un formato strutturato, di uso comune e leggibile, da dispositivo automatico, i dati personali che riguardano l\u2019Utente.<\/p>\n\n\n\n<h2 class=\"wp-block-heading\">10. Modifiche alla privacy policy<\/h2>\n\n\n\n<p>Il Titolare si riserva il diritto di modificare e aggiornare la presente informativa. Eventuali aggiornamenti saranno pubblicati in questa pagina. Se le modifiche all\u2019Informativa sono significative e per legge \u00e8 richiesto il consenso specifico, il Titolare potr\u00e0 inviare una comunicazione via email all\u2019Utente.<\/p>\n\n\n\n<p>Data di aggiornamento: 15\/02\/2024<\/p>\n","protected":false},"excerpt":{"rendered":"<p>In questo documento sono descritte le modalit\u00e0 di gestione del sito web (\u201cSito\u201d), con riferimento al trattamento di dati personali degli Utenti (\u201cUtente\/Utenti\u201d) che lo consultano. \u00c8 un&#8217;informativa resa ai sensi dell\u2019articolo 13 del Regolamento (UE) 2016\/679 (\u201cGDPR\u201d) e della normativa nazionale in tema di privacy e protezione dei dati personali applicabile a tutti coloro [&hellip;]<\/p>\n","protected":false},"author":1,"featured_media":0,"parent":0,"menu_order":0,"comment_status":"closed","ping_status":"closed","template":"page-legal.php","meta":{"_acf_changed":false,"footnotes":""},"class_list":["post-2431","page","type-page","status-publish","hentry"],"acf":[],"yoast_head":"<!-- This site is optimized with the Yoast SEO plugin v27.2 - https:\/\/yoast.com\/product\/yoast-seo-wordpress\/ -->\n<title>Privacy policy - Curve Creative Studio<\/title>\n<meta name=\"robots\" content=\"index, follow, max-snippet:-1, max-image-preview:large, max-video-preview:-1\" \/>\n<link rel=\"canonical\" href=\"https:\/\/www.curvecreativestudio.com\/en\/privacy-policy\/\" \/>\n<meta property=\"og:locale\" content=\"en_US\" \/>\n<meta property=\"og:type\" content=\"article\" \/>\n<meta property=\"og:title\" content=\"Privacy policy - Curve Creative Studio\" \/>\n<meta property=\"og:description\" content=\"In questo documento sono descritte le modalit\u00e0 di gestione del sito web (\u201cSito\u201d), con riferimento al trattamento di dati personali degli Utenti (\u201cUtente\/Utenti\u201d) che lo consultano. \u00c8 un&#8217;informativa resa ai sensi dell\u2019articolo 13 del Regolamento (UE) 2016\/679 (\u201cGDPR\u201d) e della normativa nazionale in tema di privacy e protezione dei dati personali applicabile a tutti coloro [&hellip;]\" \/>\n<meta property=\"og:url\" content=\"https:\/\/www.curvecreativestudio.com\/en\/privacy-policy\/\" \/>\n<meta property=\"og:site_name\" content=\"Curve Creative Studio\" \/>\n<meta property=\"article:publisher\" content=\"https:\/\/www.facebook.com\/curvecreativestudio\" \/>\n<meta name=\"twitter:card\" content=\"summary_large_image\" \/>\n<meta name=\"twitter:site\" content=\"@curvestudio\" \/>\n<meta name=\"twitter:label1\" content=\"Est. reading time\" \/>\n\t<meta name=\"twitter:data1\" content=\"6 minutes\" \/>\n<script type=\"application\/ld+json\" class=\"yoast-schema-graph\">{\"@context\":\"https:\/\/schema.org\",\"@graph\":[{\"@type\":\"WebPage\",\"@id\":\"https:\/\/www.curvecreativestudio.com\/en\/privacy-policy\/\",\"url\":\"https:\/\/www.curvecreativestudio.com\/en\/privacy-policy\/\",\"name\":\"Privacy policy - Curve Creative Studio\",\"isPartOf\":{\"@id\":\"https:\/\/www.curvecreativestudio.com\/en\/#website\"},\"datePublished\":\"2020-06-18T11:44:28+00:00\",\"breadcrumb\":{\"@id\":\"https:\/\/www.curvecreativestudio.com\/en\/privacy-policy\/#breadcrumb\"},\"inLanguage\":\"en-US\",\"potentialAction\":[{\"@type\":\"ReadAction\",\"target\":[\"https:\/\/www.curvecreativestudio.com\/en\/privacy-policy\/\"]}]},{\"@type\":\"BreadcrumbList\",\"@id\":\"https:\/\/www.curvecreativestudio.com\/en\/privacy-policy\/#breadcrumb\",\"itemListElement\":[{\"@type\":\"ListItem\",\"position\":1,\"name\":\"Home\",\"item\":\"https:\/\/www.curvecreativestudio.com\/en\/home\/\"},{\"@type\":\"ListItem\",\"position\":2,\"name\":\"Privacy policy\"}]},{\"@type\":\"WebSite\",\"@id\":\"https:\/\/www.curvecreativestudio.com\/en\/#website\",\"url\":\"https:\/\/www.curvecreativestudio.com\/en\/\",\"name\":\"Curve Creative Studio\",\"description\":\"Just another WordPress site\",\"publisher\":{\"@id\":\"https:\/\/www.curvecreativestudio.com\/en\/#organization\"},\"potentialAction\":[{\"@type\":\"SearchAction\",\"target\":{\"@type\":\"EntryPoint\",\"urlTemplate\":\"https:\/\/www.curvecreativestudio.com\/en\/?s={search_term_string}\"},\"query-input\":{\"@type\":\"PropertyValueSpecification\",\"valueRequired\":true,\"valueName\":\"search_term_string\"}}],\"inLanguage\":\"en-US\"},{\"@type\":\"Organization\",\"@id\":\"https:\/\/www.curvecreativestudio.com\/en\/#organization\",\"name\":\"Curve Creative Studio\",\"url\":\"https:\/\/www.curvecreativestudio.com\/en\/\",\"logo\":{\"@type\":\"ImageObject\",\"inLanguage\":\"en-US\",\"@id\":\"https:\/\/www.curvecreativestudio.com\/en\/#\/schema\/logo\/image\/\",\"url\":\"https:\/\/www.curvecreativestudio.com\/curve\/wp-content\/uploads\/2024\/02\/cropped-Favicon-2.png\",\"contentUrl\":\"https:\/\/www.curvecreativestudio.com\/curve\/wp-content\/uploads\/2024\/02\/cropped-Favicon-2.png\",\"width\":512,\"height\":512,\"caption\":\"Curve Creative Studio\"},\"image\":{\"@id\":\"https:\/\/www.curvecreativestudio.com\/en\/#\/schema\/logo\/image\/\"},\"sameAs\":[\"https:\/\/www.facebook.com\/curvecreativestudio\",\"https:\/\/x.com\/curvestudio\",\"https:\/\/www.instagram.com\/curvecreativestudio\/\",\"https:\/\/www.youtube.com\/channel\/UC8p01aLQ6LbVYQqDbViokdw\",\"https:\/\/www.behance.net\/curvestudio\",\"http:\/\/www.linkedin.com\/company\/curve-creative-studio\"]}]}<\/script>\n<!-- \/ Yoast SEO plugin. -->","yoast_head_json":{"title":"Privacy policy - Curve Creative Studio","robots":{"index":"index","follow":"follow","max-snippet":"max-snippet:-1","max-image-preview":"max-image-preview:large","max-video-preview":"max-video-preview:-1"},"canonical":"https:\/\/www.curvecreativestudio.com\/en\/privacy-policy\/","og_locale":"en_US","og_type":"article","og_title":"Privacy policy - Curve Creative Studio","og_description":"In questo documento sono descritte le modalit\u00e0 di gestione del sito web (\u201cSito\u201d), con riferimento al trattamento di dati personali degli Utenti (\u201cUtente\/Utenti\u201d) che lo consultano. \u00c8 un&#8217;informativa resa ai sensi dell\u2019articolo 13 del Regolamento (UE) 2016\/679 (\u201cGDPR\u201d) e della normativa nazionale in tema di privacy e protezione dei dati personali applicabile a tutti coloro [&hellip;]","og_url":"https:\/\/www.curvecreativestudio.com\/en\/privacy-policy\/","og_site_name":"Curve Creative Studio","article_publisher":"https:\/\/www.facebook.com\/curvecreativestudio","twitter_card":"summary_large_image","twitter_site":"@curvestudio","twitter_misc":{"Est. reading time":"6 minutes"},"schema":{"@context":"https:\/\/schema.org","@graph":[{"@type":"WebPage","@id":"https:\/\/www.curvecreativestudio.com\/en\/privacy-policy\/","url":"https:\/\/www.curvecreativestudio.com\/en\/privacy-policy\/","name":"Privacy policy - Curve Creative Studio","isPartOf":{"@id":"https:\/\/www.curvecreativestudio.com\/en\/#website"},"datePublished":"2020-06-18T11:44:28+00:00","breadcrumb":{"@id":"https:\/\/www.curvecreativestudio.com\/en\/privacy-policy\/#breadcrumb"},"inLanguage":"en-US","potentialAction":[{"@type":"ReadAction","target":["https:\/\/www.curvecreativestudio.com\/en\/privacy-policy\/"]}]},{"@type":"BreadcrumbList","@id":"https:\/\/www.curvecreativestudio.com\/en\/privacy-policy\/#breadcrumb","itemListElement":[{"@type":"ListItem","position":1,"name":"Home","item":"https:\/\/www.curvecreativestudio.com\/en\/home\/"},{"@type":"ListItem","position":2,"name":"Privacy policy"}]},{"@type":"WebSite","@id":"https:\/\/www.curvecreativestudio.com\/en\/#website","url":"https:\/\/www.curvecreativestudio.com\/en\/","name":"Curve Creative Studio","description":"Just another WordPress site","publisher":{"@id":"https:\/\/www.curvecreativestudio.com\/en\/#organization"},"potentialAction":[{"@type":"SearchAction","target":{"@type":"EntryPoint","urlTemplate":"https:\/\/www.curvecreativestudio.com\/en\/?s={search_term_string}"},"query-input":{"@type":"PropertyValueSpecification","valueRequired":true,"valueName":"search_term_string"}}],"inLanguage":"en-US"},{"@type":"Organization","@id":"https:\/\/www.curvecreativestudio.com\/en\/#organization","name":"Curve Creative Studio","url":"https:\/\/www.curvecreativestudio.com\/en\/","logo":{"@type":"ImageObject","inLanguage":"en-US","@id":"https:\/\/www.curvecreativestudio.com\/en\/#\/schema\/logo\/image\/","url":"https:\/\/www.curvecreativestudio.com\/curve\/wp-content\/uploads\/2024\/02\/cropped-Favicon-2.png","contentUrl":"https:\/\/www.curvecreativestudio.com\/curve\/wp-content\/uploads\/2024\/02\/cropped-Favicon-2.png","width":512,"height":512,"caption":"Curve Creative Studio"},"image":{"@id":"https:\/\/www.curvecreativestudio.com\/en\/#\/schema\/logo\/image\/"},"sameAs":["https:\/\/www.facebook.com\/curvecreativestudio","https:\/\/x.com\/curvestudio","https:\/\/www.instagram.com\/curvecreativestudio\/","https:\/\/www.youtube.com\/channel\/UC8p01aLQ6LbVYQqDbViokdw","https:\/\/www.behance.net\/curvestudio","http:\/\/www.linkedin.com\/company\/curve-creative-studio"]}]}},"_links":{"self":[{"href":"https:\/\/www.curvecreativestudio.com\/en\/wp-json\/wp\/v2\/pages\/2431","targetHints":{"allow":["GET"]}}],"collection":[{"href":"https:\/\/www.curvecreativestudio.com\/en\/wp-json\/wp\/v2\/pages"}],"about":[{"href":"https:\/\/www.curvecreativestudio.com\/en\/wp-json\/wp\/v2\/types\/page"}],"author":[{"embeddable":true,"href":"https:\/\/www.curvecreativestudio.com\/en\/wp-json\/wp\/v2\/users\/1"}],"replies":[{"embeddable":true,"href":"https:\/\/www.curvecreativestudio.com\/en\/wp-json\/wp\/v2\/comments?post=2431"}],"version-history":[{"count":0,"href":"https:\/\/www.curvecreativestudio.com\/en\/wp-json\/wp\/v2\/pages\/2431\/revisions"}],"wp:attachment":[{"href":"https:\/\/www.curvecreativestudio.com\/en\/wp-json\/wp\/v2\/media?parent=2431"}],"curies":[{"name":"wp","href":"https:\/\/api.w.org\/{rel}","templated":true}]}}